{"id":74,"date":"2013-09-02T23:03:04","date_gmt":"2013-09-02T21:03:04","guid":{"rendered":"http:\/\/goetheschule-buseck.de\/?page_id=74"},"modified":"2025-05-23T11:41:45","modified_gmt":"2025-05-23T09:41:45","slug":"foerderverein","status":"publish","type":"page","link":"https:\/\/goetheschule-buseck.de\/?page_id=74","title":{"rendered":"F\u00f6rderverein"},"content":{"rendered":"<div class=\"wp-block-image\">\n<figure class=\"alignright size-full is-resized\"><a href=\"https:\/\/goetheschule-buseck.de\/wp-content\/uploads\/2024\/01\/Logo-Foerderverein.png\"><img loading=\"lazy\" decoding=\"async\" width=\"566\" height=\"212\" src=\"https:\/\/goetheschule-buseck.de\/wp-content\/uploads\/2024\/01\/Logo-Foerderverein.png\" alt=\"\" class=\"wp-image-4589\" style=\"width:440px;height:auto\" srcset=\"https:\/\/goetheschule-buseck.de\/wp-content\/uploads\/2024\/01\/Logo-Foerderverein.png 566w, https:\/\/goetheschule-buseck.de\/wp-content\/uploads\/2024\/01\/Logo-Foerderverein-300x112.png 300w\" sizes=\"auto, (max-width: 566px) 100vw, 566px\" \/><\/a><\/figure>\n<\/div>\n\n\n<p><strong>F\u00f6rderverein der Goetheschule Buseck<\/strong><\/p>\n\n\n\n<p><strong>Machen Sie mit!&#8230;&nbsp;&nbsp;<\/strong>&nbsp;&nbsp; &nbsp; &nbsp; &nbsp; &nbsp; &nbsp; &nbsp; &nbsp; &nbsp; &nbsp;<strong>Gemeinsam l\u00e4sst sich viel erreichen!<\/strong><\/p>\n\n\n\n<p>Unser F\u00f6rderverein wurde 1998 gegr\u00fcndet und unterst\u00fctzt&nbsp;seitdem die schulischen und au\u00dferschulischen Aktivit\u00e4ten&nbsp;unserer Kinder in der Grundschule Buseck.<\/p>\n\n\n\n<p>Der Verein finanziert sich durch Mitgliedsbeitr\u00e4ge, sowie&nbsp;Geld- und Sachspenden. Er ist als gemeinn\u00fctzig anerkannt.&nbsp;Die Gelder werden verwendet, um die Ausstattung der&nbsp;Schule zu verbessern und das schulische Angebot zu&nbsp;erweitern. Dies geschieht in enger Absprache mit der&nbsp;Schulleitung und dem Lehrerkollegium.<\/p>\n\n\n\n<p><strong>Unsere Projekte | Auszug<\/strong><\/p>\n\n\n\n<ul class=\"wp-block-list\">\n<li><strong>AG-Finanzierung<\/strong>&nbsp;| z.B. Kunst-AG, Forscher-AG,&nbsp;Percussion- AG, Band-AG, &nbsp; Streicher-AG, AG Natur erleben<\/li>\n\n\n\n<li><strong>Schulhof und Pausengestaltung<\/strong>&nbsp;| z.B. Trampolin,&nbsp;Kletterwand und Fallschutzplatten, Waveboards, Trike-Roller,&nbsp;Schulhofbemalung, Tischtennisschl\u00e4ger<\/li>\n\n\n\n<li><strong>Trainings zur Gewaltpr\u00e4vention<\/strong>&nbsp;| FinanzielleUnterst\u00fctzung<\/li>\n\n\n\n<li><strong>Anschaffung von Musik-Instrumenten<\/strong><\/li>\n\n\n\n<li><strong>Weitere Projekte<\/strong>&nbsp;| Anschaffung von Ger\u00e4ten f\u00fcr den Forscherraum, Bezuschussung des Roller-Kids-Trainings, Buchlesungen<\/li>\n<\/ul>\n\n\n\n<h2 class=\"wp-block-heading\">Der Vorstand des F\u00f6rdervereins<\/h2>\n\n\n\n<ul class=\"wp-block-list\">\n<li>Sophie P\u00f6rschke, 1. Vorsitzende<\/li>\n\n\n\n<li>Charlotte Schwalb, 2. Vorsitzende<\/li>\n\n\n\n<li>Christiane Buchtaleck, Schriftf\u00fchrerin<\/li>\n\n\n\n<li>Oksana Engel, Kassenwartin<\/li>\n\n\n\n<li>Yvonne Erben, Beisitzerin<\/li>\n\n\n\n<li>Marco Blaschke, Beisitzer<\/li>\n\n\n\n<li>Lisa Muscheid, Beisitzerin<\/li>\n<\/ul>\n\n\n\n<p><strong>Kontakt:<\/strong>\u00a0Foerderverein-Goetheschule(at)web.de<\/p>\n\n\n\n<div data-wp-interactive=\"core\/file\" class=\"wp-block-file\"><object data-wp-bind--hidden=\"!state.hasPdfPreview\" hidden class=\"wp-block-file__embed\" data=\"https:\/\/goetheschule-buseck.de\/wp-content\/uploads\/2023\/12\/FOeVG_Beitrittserklaerung.pdf\" type=\"application\/pdf\" style=\"width:100%;height:600px\" aria-label=\"Einbettung von Beitrittserklaerung.\"><\/object><a id=\"wp-block-file--media-64bfd571-6ef5-451b-86d5-770f9a8a3b1b\" href=\"https:\/\/goetheschule-buseck.de\/wp-content\/uploads\/2023\/12\/FOeVG_Beitrittserklaerung.pdf\">Beitrittserklaerung<\/a><a href=\"https:\/\/goetheschule-buseck.de\/wp-content\/uploads\/2023\/12\/FOeVG_Beitrittserklaerung.pdf\" class=\"wp-block-file__button wp-element-button\" download aria-describedby=\"wp-block-file--media-64bfd571-6ef5-451b-86d5-770f9a8a3b1b\">Herunterladen<\/a><\/div>\n\n\n\n<hr class=\"wp-block-separator has-alpha-channel-opacity\"\/>\n\n\n\n<p>Anbei finden Sie die allgemeinen Gesch\u00e4ftsbedingungen und die Datenschutzerkl\u00e4rung f\u00fcr unseren allj\u00e4hrlichen Flohmarkt zum Download.<\/p>\n\n\n\n<div data-wp-interactive=\"core\/file\" class=\"wp-block-file\"><object data-wp-bind--hidden=\"!state.hasPdfPreview\" hidden class=\"wp-block-file__embed\" data=\"https:\/\/goetheschule-buseck.de\/wp-content\/uploads\/2024\/10\/Allgemeine-Geschaeftsbedingung.pdf\" type=\"application\/pdf\" style=\"width:100%;height:600px\" aria-label=\"Einbettung von Allgemeine Gesch\u00e4ftsbedingung.\"><\/object><a id=\"wp-block-file--media-75ef2ab5-0009-4b89-b7aa-9fe7be94b6cc\" href=\"https:\/\/goetheschule-buseck.de\/wp-content\/uploads\/2024\/10\/Allgemeine-Geschaeftsbedingung.pdf\">Allgemeine Gesch\u00e4ftsbedingung<\/a><a href=\"https:\/\/goetheschule-buseck.de\/wp-content\/uploads\/2024\/10\/Allgemeine-Geschaeftsbedingung.pdf\" class=\"wp-block-file__button wp-element-button\" download aria-describedby=\"wp-block-file--media-75ef2ab5-0009-4b89-b7aa-9fe7be94b6cc\">Herunterladen<\/a><\/div>\n\n\n\n<div data-wp-interactive=\"core\/file\" class=\"wp-block-file\"><object data-wp-bind--hidden=\"!state.hasPdfPreview\" hidden class=\"wp-block-file__embed\" data=\"https:\/\/goetheschule-buseck.de\/wp-content\/uploads\/2024\/10\/Datenschutzerklaerung.pdf\" type=\"application\/pdf\" style=\"width:100%;height:600px\" aria-label=\"Einbettung von Datenschutzerkl\u00e4rung.\"><\/object><a id=\"wp-block-file--media-332af2f6-f219-49f4-bc84-4c79eabd04a1\" href=\"https:\/\/goetheschule-buseck.de\/wp-content\/uploads\/2024\/10\/Datenschutzerklaerung.pdf\">Datenschutzerkl\u00e4rung<\/a><a href=\"https:\/\/goetheschule-buseck.de\/wp-content\/uploads\/2024\/10\/Datenschutzerklaerung.pdf\" class=\"wp-block-file__button wp-element-button\" download aria-describedby=\"wp-block-file--media-332af2f6-f219-49f4-bc84-4c79eabd04a1\">Herunterladen<\/a><\/div>\n\n\n\n<hr class=\"wp-block-separator has-alpha-channel-opacity is-style-wide\"\/>\n\n\n\n<div class=\"wp-block-buttons is-content-justification-right is-layout-flex wp-container-core-buttons-is-layout-765c4724 wp-block-buttons-is-layout-flex\">\n<div class=\"wp-block-button\"><a class=\"wp-block-button__link has-white-color has-cyan-bluish-gray-background-color has-text-color has-background has-link-color wp-element-button\" href=\"https:\/\/goetheschule-buseck.de\/?page_id=2810\">zur\u00fcck<\/a><\/div>\n<\/div>\n","protected":false},"excerpt":{"rendered":"<p>F\u00f6rderverein der Goetheschule Buseck Machen Sie mit!&#8230;&nbsp;&nbsp;&nbsp;&nbsp; &nbsp; &nbsp; &nbsp; &nbsp; &nbsp; &nbsp; &nbsp; &nbsp; &nbsp;Gemeinsam l\u00e4sst sich viel erreichen! &hellip; <\/p>\n","protected":false},"author":7,"featured_media":0,"parent":0,"menu_order":9,"comment_status":"closed","ping_status":"closed","template":"","meta":{"footnotes":""},"class_list":["post-74","page","type-page","status-publish","hentry"],"_links":{"self":[{"href":"https:\/\/goetheschule-buseck.de\/index.php?rest_route=\/wp\/v2\/pages\/74","targetHints":{"allow":["GET"]}}],"collection":[{"href":"https:\/\/goetheschule-buseck.de\/index.php?rest_route=\/wp\/v2\/pages"}],"about":[{"href":"https:\/\/goetheschule-buseck.de\/index.php?rest_route=\/wp\/v2\/types\/page"}],"author":[{"embeddable":true,"href":"https:\/\/goetheschule-buseck.de\/index.php?rest_route=\/wp\/v2\/users\/7"}],"replies":[{"embeddable":true,"href":"https:\/\/goetheschule-buseck.de\/index.php?rest_route=%2Fwp%2Fv2%2Fcomments&post=74"}],"version-history":[{"count":49,"href":"https:\/\/goetheschule-buseck.de\/index.php?rest_route=\/wp\/v2\/pages\/74\/revisions"}],"predecessor-version":[{"id":5326,"href":"https:\/\/goetheschule-buseck.de\/index.php?rest_route=\/wp\/v2\/pages\/74\/revisions\/5326"}],"wp:attachment":[{"href":"https:\/\/goetheschule-buseck.de\/index.php?rest_route=%2Fwp%2Fv2%2Fmedia&parent=74"}],"curies":[{"name":"wp","href":"https:\/\/api.w.org\/{rel}","templated":true}]}}